{"id":44289,"date":"2016-04-25T14:19:51","date_gmt":"2016-04-25T14:19:51","guid":{"rendered":"http:\/\/rocafariners.com\/recetas\/galetes-de-flocs-de-civada\/"},"modified":"2021-01-19T09:41:24","modified_gmt":"2021-01-19T09:41:24","slug":"galetes-de-flocs-de-civada","status":"publish","type":"recetas","link":"https:\/\/rocafariners.com\/ca\/receptes\/galetes-de-flocs-de-civada\/","title":{"rendered":"GALETES DE FLOCS DE CIVADA"},"content":{"rendered":"<p>&nbsp;<\/p>\n<table style=\"height: 110px;\" border=\"rgb(155, 187, 89)\" width=\"895\">\n<tbody>\n<tr>\n<td style=\"border-color: #9bbb59; background-color: #0d815c;\"><strong><span style=\"color: #ffffff;\">Ingredients<\/span><\/strong><\/td>\n<td style=\"border-color: #9bbb59; background-color: #0d815c;\"><strong><span style=\"color: #ffffff;\">Quantitat<\/span><\/strong><\/td>\n<\/tr>\n<tr style=\"border-color: #9bbb59;\">\n<td style=\"border-color: #9bbb59; background-color: #eef5e1;\">Farina de blat integral ecol\u00f2gica<\/td>\n<td style=\"border-color: #9bbb59; text-align: center; background-color: #eef5e1;\">220 g<\/td>\n<\/tr>\n<tr>\n<td style=\"border-color: #9bbb59; background-color: #eef5e1;\">Flocs de civada<\/td>\n<td style=\"border-color: #9bbb59; text-align: center; background-color: #eef5e1;\">348 g<\/td>\n<\/tr>\n<tr>\n<td style=\"border-color: #9bbb59; background-color: #eef5e1;\">Mantega<\/td>\n<td style=\"border-color: #9bbb59; text-align: center; background-color: #eef5e1;\">\u00a0150 g<\/td>\n<\/tr>\n<tr>\n<td style=\"border-color: #9bbb59; background-color: #eef5e1;\">Sucre moreno<\/td>\n<td style=\"border-color: #9bbb59; text-align: center; background-color: #eef5e1;\">160 g<\/td>\n<\/tr>\n<tr>\n<td style=\"border-color: #9bbb59; background-color: #eef5e1;\">Ous<\/td>\n<td style=\"border-color: #9bbb59; text-align: center; background-color: #eef5e1;\">72 g<\/td>\n<\/tr>\n<tr>\n<td style=\"border-color: #9bbb59; background-color: #eef5e1;\">Impulsor<\/td>\n<td style=\"border-color: #9bbb59; text-align: center; background-color: #eef5e1;\">12 g<\/td>\n<\/tr>\n<tr>\n<td style=\"border-color: #9bbb59; background-color: #eef5e1;\">Sal<\/td>\n<td style=\"border-color: #9bbb59; text-align: center; background-color: #eef5e1;\">2 g<\/td>\n<\/tr>\n<\/tbody>\n<\/table>\n<p>&nbsp;<\/p>\n<table style=\"height: 417px;\" width=\"909\">\n<tbody>\n<tr>\n<td style=\"border-color: #9bbb59; text-align: center; background-color: #0d815c;\"><strong><span style=\"color: #ffffff;\">Proceso<\/span><\/strong><\/td>\n<\/tr>\n<tr>\n<td style=\"background-color: #e4f4c7; border-color: #9bbb59;\">\n<p>1.PREPARACI\u00d3 DE LA MASSA<\/p>\n<p>Batre la mantega amb el sucre fins que quedi una crema homog\u00e8nia, despr\u00e9s afegir els ous i barrejar b\u00e9.<\/p>\n<p>Barrejar \u00a0la farina, l&#8217;impulsor i la sal per afegir-ho a la preparaci\u00f3 anterior.<\/p>\n<p>Finalment afegir els flocs de civada i integrar-los b\u00e9 a la massa fins a la seva total incorporaci\u00f3.<\/p>\n<p>En cas que la massa quedi molt tova deixar uns 20 min aproximadament a la nevera.<\/td>\n<\/tr>\n<tr>\n<td style=\"background-color: #eef5e1; border-color: #9bbb59;\">\n<p>2. FORMAR<\/p>\n<p>Formar les galetes manualment o amb un tallapastes.<\/td>\n<\/tr>\n<tr>\n<td style=\"background-color: #e4f4c7; border-color: #9bbb59;\">\n<p>3- COCCI\u00d3:<\/p>\n<p>Coure a 150-170\u00baC durant 10-15 min aproximadament.<\/td>\n<\/tr>\n<tr>\n<td style=\"background-color: #e4f4c7; border-color: #9bbb59;\"><\/td>\n<\/tr>\n<\/tbody>\n<\/table>\n<p style=\"text-align: center;\"><a href=\"http:\/\/rocafariners.com\/wp-content\/uploads\/2016\/02\/IMG_6516.jpg\" rel=\"attachment wp-att-7424\"><img class=\"aligncenter wp-image-7425 size-medium\" src=\"http:\/\/rocafariners.com\/wp-content\/uploads\/2016\/02\/IMG_6516-300x277.jpg\" alt=\"IMG_6516\" width=\"300\" height=\"277\" srcset=\"https:\/\/rocafariners.com\/wp-content\/uploads\/2016\/02\/IMG_6516-300x277.jpg 300w, https:\/\/rocafariners.com\/wp-content\/uploads\/2016\/02\/IMG_6516-768x709.jpg 768w, https:\/\/rocafariners.com\/wp-content\/uploads\/2016\/02\/IMG_6516-1024x946.jpg 1024w, https:\/\/rocafariners.com\/wp-content\/uploads\/2016\/02\/IMG_6516-600x554.jpg 600w\" sizes=\"(max-width: 300px) 100vw, 300px\" \/><\/a><\/p>\n","protected":false},"excerpt":{"rendered":"<p>&nbsp; Ingredients Quantitat Farina de blat integral ecol\u00f2gica 220 g Flocs de civada 348 g Mantega \u00a0150 g Sucre moreno 160 g Ous 72 g Impulsor 12 g Sal 2 g &nbsp; Proceso 1.PREPARACI\u00d3 DE LA MASSA Batre la mantega amb el sucre fins que quedi una crema homog\u00e8nia, despr\u00e9s afegir els ous i barrejar [&hellip;]<\/p>\n","protected":false},"featured_media":44160,"comment_status":"open","ping_status":"closed","template":"","yoast_head":"<!-- This site is optimized with the Yoast SEO plugin v15.4 - https:\/\/yoast.com\/wordpress\/plugins\/seo\/ -->\n<title>GALETES DE FLOCS DE CIVADA - Farinera Roca<\/title>\n<meta name=\"robots\" content=\"index, follow, max-snippet:-1, max-image-preview:large, max-video-preview:-1\" \/>\n<link rel=\"canonical\" href=\"http:\/\/rocafariners.com\/ca\/receptes\/galetes-de-flocs-de-civada\/\" \/>\n<meta property=\"og:locale\" content=\"ca_ES\" \/>\n<meta property=\"og:type\" content=\"article\" \/>\n<meta property=\"og:title\" content=\"GALETES DE FLOCS DE CIVADA - Farinera Roca\" \/>\n<meta property=\"og:description\" content=\"&nbsp; Ingredients Quantitat Farina de blat integral ecol\u00f2gica 220 g Flocs de civada 348 g Mantega \u00a0150 g Sucre moreno 160 g Ous 72 g Impulsor 12 g Sal 2 g &nbsp; Proceso 1.PREPARACI\u00d3 DE LA MASSA Batre la mantega amb el sucre fins que quedi una crema homog\u00e8nia, despr\u00e9s afegir els ous i barrejar [&hellip;]\" \/>\n<meta property=\"og:url\" content=\"http:\/\/rocafariners.com\/ca\/receptes\/galetes-de-flocs-de-civada\/\" \/>\n<meta property=\"og:site_name\" content=\"Farinera Roca\" \/>\n<meta property=\"article:modified_time\" content=\"2021-01-19T09:41:24+00:00\" \/>\n<meta property=\"og:image\" content=\"https:\/\/rocafariners.com\/wp-content\/uploads\/2021\/01\/IMG_6522-scaled.jpg\" \/>\n\t<meta property=\"og:image:width\" content=\"1920\" \/>\n\t<meta property=\"og:image:height\" content=\"2560\" \/>\n<meta name=\"twitter:card\" content=\"summary_large_image\" \/>\n<meta name=\"twitter:label1\" content=\"Escrit per\">\n\t<meta name=\"twitter:data1\" content=\"admin\">\n\t<meta name=\"twitter:label2\" content=\"Temps estimat de lectura\">\n\t<meta name=\"twitter:data2\" content=\"0 minuts\">\n<script type=\"application\/ld+json\" class=\"yoast-schema-graph\">{\"@context\":\"https:\/\/schema.org\",\"@graph\":[{\"@type\":\"WebSite\",\"@id\":\"http:\/\/rocafariners.com\/#website\",\"url\":\"http:\/\/rocafariners.com\/\",\"name\":\"Farinera Roca\",\"description\":\"buen trigo, buena harina, buen pan\",\"potentialAction\":[{\"@type\":\"SearchAction\",\"target\":\"http:\/\/rocafariners.com\/?s={search_term_string}\",\"query-input\":\"required name=search_term_string\"}],\"inLanguage\":\"ca\"},{\"@type\":\"ImageObject\",\"@id\":\"http:\/\/rocafariners.com\/ca\/receptes\/galetes-de-flocs-de-civada\/#primaryimage\",\"inLanguage\":\"ca\",\"url\":\"https:\/\/rocafariners.com\/wp-content\/uploads\/2021\/01\/IMG_6522-scaled.jpg\",\"width\":1920,\"height\":2560},{\"@type\":\"WebPage\",\"@id\":\"http:\/\/rocafariners.com\/ca\/receptes\/galetes-de-flocs-de-civada\/#webpage\",\"url\":\"http:\/\/rocafariners.com\/ca\/receptes\/galetes-de-flocs-de-civada\/\",\"name\":\"GALETES DE FLOCS DE CIVADA - Farinera Roca\",\"isPartOf\":{\"@id\":\"http:\/\/rocafariners.com\/#website\"},\"primaryImageOfPage\":{\"@id\":\"http:\/\/rocafariners.com\/ca\/receptes\/galetes-de-flocs-de-civada\/#primaryimage\"},\"datePublished\":\"2016-04-25T14:19:51+00:00\",\"dateModified\":\"2021-01-19T09:41:24+00:00\",\"inLanguage\":\"ca\",\"potentialAction\":[{\"@type\":\"ReadAction\",\"target\":[\"http:\/\/rocafariners.com\/ca\/receptes\/galetes-de-flocs-de-civada\/\"]}]}]}<\/script>\n<!-- \/ Yoast SEO plugin. -->","_links":{"self":[{"href":"https:\/\/rocafariners.com\/ca\/wp-json\/wp\/v2\/recetas\/44289\/"}],"collection":[{"href":"https:\/\/rocafariners.com\/ca\/wp-json\/wp\/v2\/recetas\/"}],"about":[{"href":"https:\/\/rocafariners.com\/ca\/wp-json\/wp\/v2\/types\/recetas\/"}],"replies":[{"embeddable":true,"href":"https:\/\/rocafariners.com\/ca\/wp-json\/wp\/v2\/comments\/?post=44289"}],"wp:featuredmedia":[{"embeddable":true,"href":"https:\/\/rocafariners.com\/ca\/wp-json\/wp\/v2\/media\/44160\/"}],"wp:attachment":[{"href":"https:\/\/rocafariners.com\/ca\/wp-json\/wp\/v2\/media\/?parent=44289"}],"curies":[{"name":"wp","href":"https:\/\/api.w.org\/{rel}","templated":true}]}}