{"id":1799,"date":"2014-12-05T15:32:15","date_gmt":"2015-06-02T10:36:28","guid":{"rendered":"http:\/\/rocafariners.com\/?post_type=product&#038;p=1799"},"modified":"2021-12-30T14:54:52","modified_gmt":"2021-12-30T14:54:52","slug":"farina-de-blat-sarrai-ecologica-3","status":"publish","type":"product","link":"https:\/\/rocafariners.com\/ca\/producte\/farina-de-blat-sarrai-ecologica-3\/","title":{"rendered":"Farina de blat sarra\u00ed semiintegral ecol\u00f2gica"},"content":{"rendered":"<p>Farina de blat sarra\u00ed ecol\u00f2gic amb una extracci\u00f3 80%<\/p>\n<p><a href=\"http:\/\/rocafariners.com\/ca\/pan-de-molde-de-sarraceno\/\">Recepta pa de motlle de fajol<\/a><\/p>\n<p><a href=\"http:\/\/rocafariners.com\/ca\/brioix-de-fajol-o-de-blat-sarrai\/\">Recepta brioix amb fajol o blat sarra\u00ed<\/a><\/p>\n<p><a href=\"http:\/\/rocafariners.com\/ca\/brioix-de-fajol-o-de-blat-sarrai\/\">Recepta de brioix amb fajol o blat sarra\u00ed<\/a><\/p>\n<p><a href=\"http:\/\/rocafariners.com\/ca\/pa-de-blat-sarrai\/\">Recepta de blat sarra\u00ed o fajol<\/a><\/p>\n","protected":false},"excerpt":{"rendered":"<ul>\n<li>Farina de blat sarra\u00ed semiintegral<\/li>\n<li>El preu no inclou IVA ni <a href=\"\/?page_id=1782&amp;lang=ca\">lliurament<\/a><\/li>\n<\/ul>\n","protected":false},"featured_media":53924,"comment_status":"open","ping_status":"closed","template":"","meta":{"_monsterinsights_skip_tracking":false,"_monsterinsights_sitenote_active":false,"_monsterinsights_sitenote_note":"","_monsterinsights_sitenote_category":0},"product_cat":[29,31],"product_tag":[],"yoast_head":"<!-- This site is optimized with the Yoast SEO plugin v15.4 - https:\/\/yoast.com\/wordpress\/plugins\/seo\/ -->\n<title>Farina de blat sarra\u00ed semiintegral ecol\u00f2gica - Farinera Roca<\/title>\n<meta name=\"robots\" content=\"index, follow, max-snippet:-1, max-image-preview:large, max-video-preview:-1\" \/>\n<link rel=\"canonical\" href=\"https:\/\/rocafariners.com\/ca\/producte\/farina-de-blat-sarrai-ecologica-3\/\" \/>\n<meta property=\"og:locale\" content=\"ca_ES\" \/>\n<meta property=\"og:type\" content=\"article\" \/>\n<meta property=\"og:title\" content=\"Farina de blat sarra\u00ed semiintegral ecol\u00f2gica - Farinera Roca\" \/>\n<meta property=\"og:description\" content=\"Farina de blat sarra\u00ed semiintegral  El preu no inclou IVA ni lliurament\" \/>\n<meta property=\"og:url\" content=\"https:\/\/rocafariners.com\/ca\/producte\/farina-de-blat-sarrai-ecologica-3\/\" \/>\n<meta property=\"og:site_name\" content=\"Farinera Roca\" \/>\n<meta property=\"article:modified_time\" content=\"2021-12-30T14:54:52+00:00\" \/>\n<meta property=\"og:image\" content=\"https:\/\/rocafariners.com\/wp-content\/uploads\/2014\/12\/sacs-roca-cosits-sarraceno-cropejats.png\" \/>\n\t<meta property=\"og:image:width\" content=\"2112\" \/>\n\t<meta property=\"og:image:height\" content=\"2816\" \/>\n<meta name=\"twitter:card\" content=\"summary_large_image\" \/>\n<meta name=\"twitter:label1\" content=\"Escrit per\">\n\t<meta name=\"twitter:data1\" content=\"admin\">\n\t<meta name=\"twitter:label2\" content=\"Temps estimat de lectura\">\n\t<meta name=\"twitter:data2\" content=\"0 minuts\">\n<script type=\"application\/ld+json\" class=\"yoast-schema-graph\">{\"@context\":\"https:\/\/schema.org\",\"@graph\":[{\"@type\":\"WebSite\",\"@id\":\"http:\/\/rocafariners.com\/#website\",\"url\":\"http:\/\/rocafariners.com\/\",\"name\":\"Farinera Roca\",\"description\":\"buen trigo, buena harina, buen pan\",\"potentialAction\":[{\"@type\":\"SearchAction\",\"target\":\"http:\/\/rocafariners.com\/?s={search_term_string}\",\"query-input\":\"required name=search_term_string\"}],\"inLanguage\":\"ca\"},{\"@type\":\"ImageObject\",\"@id\":\"https:\/\/rocafariners.com\/ca\/producte\/farina-de-blat-sarrai-ecologica-3\/#primaryimage\",\"inLanguage\":\"ca\",\"url\":\"https:\/\/rocafariners.com\/wp-content\/uploads\/2014\/12\/sacs-roca-cosits-sarraceno-cropejats.png\",\"width\":2112,\"height\":2816},{\"@type\":\"WebPage\",\"@id\":\"https:\/\/rocafariners.com\/ca\/producte\/farina-de-blat-sarrai-ecologica-3\/#webpage\",\"url\":\"https:\/\/rocafariners.com\/ca\/producte\/farina-de-blat-sarrai-ecologica-3\/\",\"name\":\"Farina de blat sarra\\u00ed semiintegral ecol\\u00f2gica - Farinera Roca\",\"isPartOf\":{\"@id\":\"http:\/\/rocafariners.com\/#website\"},\"primaryImageOfPage\":{\"@id\":\"https:\/\/rocafariners.com\/ca\/producte\/farina-de-blat-sarrai-ecologica-3\/#primaryimage\"},\"datePublished\":\"2015-06-02T10:36:28+00:00\",\"dateModified\":\"2021-12-30T14:54:52+00:00\",\"inLanguage\":\"ca\",\"potentialAction\":[{\"@type\":\"ReadAction\",\"target\":[\"https:\/\/rocafariners.com\/ca\/producte\/farina-de-blat-sarrai-ecologica-3\/\"]}]}]}<\/script>\n<!-- \/ Yoast SEO plugin. -->","_links":{"self":[{"href":"https:\/\/rocafariners.com\/ca\/wp-json\/wp\/v2\/product\/1799\/"}],"collection":[{"href":"https:\/\/rocafariners.com\/ca\/wp-json\/wp\/v2\/product\/"}],"about":[{"href":"https:\/\/rocafariners.com\/ca\/wp-json\/wp\/v2\/types\/product\/"}],"replies":[{"embeddable":true,"href":"https:\/\/rocafariners.com\/ca\/wp-json\/wp\/v2\/comments\/?post=1799"}],"wp:featuredmedia":[{"embeddable":true,"href":"https:\/\/rocafariners.com\/ca\/wp-json\/wp\/v2\/media\/53924\/"}],"wp:attachment":[{"href":"https:\/\/rocafariners.com\/ca\/wp-json\/wp\/v2\/media\/?parent=1799"}],"wp:term":[{"taxonomy":"product_cat","embeddable":true,"href":"https:\/\/rocafariners.com\/ca\/wp-json\/wp\/v2\/product_cat\/?post=1799"},{"taxonomy":"product_tag","embeddable":true,"href":"https:\/\/rocafariners.com\/ca\/wp-json\/wp\/v2\/product_tag\/?post=1799"}],"curies":[{"name":"wp","href":"https:\/\/api.w.org\/{rel}","templated":true}]}}