{"id":1786,"date":"2014-12-04T16:19:24","date_gmt":"2015-06-02T10:23:35","guid":{"rendered":"http:\/\/rocafariners.com\/?post_type=product&#038;p=1786"},"modified":"2021-12-30T15:56:48","modified_gmt":"2021-12-30T15:56:48","slug":"mix-de-6-cereals-ecologics-10kg","status":"publish","type":"product","link":"https:\/\/rocafariners.com\/ca\/producte\/mix-de-6-cereals-ecologics-10kg\/","title":{"rendered":"Mix de 6 llavors ecol\u00f2gic 8kg"},"content":{"rendered":"<p>Lli marr\u00f3 i daurat, pipes de gira-sol, llavors de s\u00e8sam, llavors de rosella i mill.<\/p>\n<p>Per barrejar a la massa per donar m\u00e9s sabor i propietats nutricionals al pa i per arrebossar els pans o panets<\/p>\n<p><a href=\"http:\/\/rocafariners.com\/ca\/pan-de-molde-de-trigo-t150-y-6-semillas\/\">Recepta pa de motlle blat T150 i mix 6 llavors<\/a><\/p>\n<p><a href=\"http:\/\/rocafariners.com\/ca\/crackers-mix-6-semillas-semola-de-trigo-duro-y-mix-andino\/\">Recepta crackers mix 6 llavors i mix and\u00ed<\/a><\/p>\n","protected":false},"excerpt":{"rendered":"<ul>\n<li>Lli marr\u00f3 i daurat, pipes de gira-sol, llavors de s\u00e8sam, llavors de rosella i mill<\/li>\n<li>El preu no inclou IVA ni <a href=\"\/?page_id=1782&amp;lang=ca\">lliurament<\/a><\/li>\n<\/ul>\n","protected":false},"featured_media":53771,"comment_status":"open","ping_status":"closed","template":"","meta":{"_monsterinsights_skip_tracking":false,"_monsterinsights_sitenote_active":false,"_monsterinsights_sitenote_note":"","_monsterinsights_sitenote_category":0},"product_cat":[56],"product_tag":[68],"yoast_head":"<!-- This site is optimized with the Yoast SEO plugin v15.4 - https:\/\/yoast.com\/wordpress\/plugins\/seo\/ -->\n<title>Mix de 6 llavors ecol\u00f2gic 8kg - Farinera Roca<\/title>\n<meta name=\"robots\" content=\"index, follow, max-snippet:-1, max-image-preview:large, max-video-preview:-1\" \/>\n<link rel=\"canonical\" href=\"https:\/\/rocafariners.com\/ca\/producte\/mix-de-6-cereals-ecologics-10kg\/\" \/>\n<meta property=\"og:locale\" content=\"ca_ES\" \/>\n<meta property=\"og:type\" content=\"article\" \/>\n<meta property=\"og:title\" content=\"Mix de 6 llavors ecol\u00f2gic 8kg - Farinera Roca\" \/>\n<meta property=\"og:description\" content=\"Lli marr\u00f3 i daurat, pipes de gira-sol, llavors de s\u00e8sam, llavors de rosella i mill  El preu no inclou IVA ni lliurament\" \/>\n<meta property=\"og:url\" content=\"https:\/\/rocafariners.com\/ca\/producte\/mix-de-6-cereals-ecologics-10kg\/\" \/>\n<meta property=\"og:site_name\" content=\"Farinera Roca\" \/>\n<meta property=\"article:modified_time\" content=\"2021-12-30T15:56:48+00:00\" \/>\n<meta property=\"og:image\" content=\"https:\/\/rocafariners.com\/wp-content\/uploads\/2014\/12\/sacs-roca-mix-6-cereales-cropejats-10-kg.png\" \/>\n\t<meta property=\"og:image:width\" content=\"2112\" \/>\n\t<meta property=\"og:image:height\" content=\"2816\" \/>\n<meta name=\"twitter:card\" content=\"summary_large_image\" \/>\n<meta name=\"twitter:label1\" content=\"Escrit per\">\n\t<meta name=\"twitter:data1\" content=\"admin\">\n\t<meta name=\"twitter:label2\" content=\"Temps estimat de lectura\">\n\t<meta name=\"twitter:data2\" content=\"0 minuts\">\n<script type=\"application\/ld+json\" class=\"yoast-schema-graph\">{\"@context\":\"https:\/\/schema.org\",\"@graph\":[{\"@type\":\"WebSite\",\"@id\":\"http:\/\/rocafariners.com\/#website\",\"url\":\"http:\/\/rocafariners.com\/\",\"name\":\"Farinera Roca\",\"description\":\"buen trigo, buena harina, buen pan\",\"potentialAction\":[{\"@type\":\"SearchAction\",\"target\":\"http:\/\/rocafariners.com\/?s={search_term_string}\",\"query-input\":\"required name=search_term_string\"}],\"inLanguage\":\"ca\"},{\"@type\":\"ImageObject\",\"@id\":\"https:\/\/rocafariners.com\/ca\/producte\/mix-de-6-cereals-ecologics-10kg\/#primaryimage\",\"inLanguage\":\"ca\",\"url\":\"https:\/\/rocafariners.com\/wp-content\/uploads\/2014\/12\/sacs-roca-mix-6-cereales-cropejats-10-kg.png\",\"width\":2112,\"height\":2816},{\"@type\":\"WebPage\",\"@id\":\"https:\/\/rocafariners.com\/ca\/producte\/mix-de-6-cereals-ecologics-10kg\/#webpage\",\"url\":\"https:\/\/rocafariners.com\/ca\/producte\/mix-de-6-cereals-ecologics-10kg\/\",\"name\":\"Mix de 6 llavors ecol\\u00f2gic 8kg - Farinera Roca\",\"isPartOf\":{\"@id\":\"http:\/\/rocafariners.com\/#website\"},\"primaryImageOfPage\":{\"@id\":\"https:\/\/rocafariners.com\/ca\/producte\/mix-de-6-cereals-ecologics-10kg\/#primaryimage\"},\"datePublished\":\"2015-06-02T10:23:35+00:00\",\"dateModified\":\"2021-12-30T15:56:48+00:00\",\"inLanguage\":\"ca\",\"potentialAction\":[{\"@type\":\"ReadAction\",\"target\":[\"https:\/\/rocafariners.com\/ca\/producte\/mix-de-6-cereals-ecologics-10kg\/\"]}]}]}<\/script>\n<!-- \/ Yoast SEO plugin. -->","_links":{"self":[{"href":"https:\/\/rocafariners.com\/ca\/wp-json\/wp\/v2\/product\/1786\/"}],"collection":[{"href":"https:\/\/rocafariners.com\/ca\/wp-json\/wp\/v2\/product\/"}],"about":[{"href":"https:\/\/rocafariners.com\/ca\/wp-json\/wp\/v2\/types\/product\/"}],"replies":[{"embeddable":true,"href":"https:\/\/rocafariners.com\/ca\/wp-json\/wp\/v2\/comments\/?post=1786"}],"wp:featuredmedia":[{"embeddable":true,"href":"https:\/\/rocafariners.com\/ca\/wp-json\/wp\/v2\/media\/53771\/"}],"wp:attachment":[{"href":"https:\/\/rocafariners.com\/ca\/wp-json\/wp\/v2\/media\/?parent=1786"}],"wp:term":[{"taxonomy":"product_cat","embeddable":true,"href":"https:\/\/rocafariners.com\/ca\/wp-json\/wp\/v2\/product_cat\/?post=1786"},{"taxonomy":"product_tag","embeddable":true,"href":"https:\/\/rocafariners.com\/ca\/wp-json\/wp\/v2\/product_tag\/?post=1786"}],"curies":[{"name":"wp","href":"https:\/\/api.w.org\/{rel}","templated":true}]}}