{"id":1933,"date":"2015-06-03T08:01:34","date_gmt":"2015-06-03T08:01:34","guid":{"rendered":"http:\/\/rocafariners.com\/?page_id=1933"},"modified":"2023-01-10T14:41:04","modified_gmt":"2023-01-10T14:41:04","slug":"harinera-roca","status":"publish","type":"page","link":"https:\/\/rocafariners.com\/ca\/harinera-roca\/","title":{"rendered":"Harinera Roca"},"content":{"rendered":"<p>[vc_row css=&#8221;.vc_custom_1640865063327{margin-right: 0px !important;margin-left: 0px !important;padding-right: 0px !important;padding-left: 0px !important;background-image: url(https:\/\/rocafariners.com\/wp-content\/uploads\/2021\/04\/corporativa-portada-foto.png?id=45979) !important;background-position: center !important;background-repeat: no-repeat !important;background-size: cover !important;}&#8221;][vc_column width=&#8221;2\/3&#8243;][vc_empty_space height=&#8221;20px&#8221;][\/vc_column][vc_column width=&#8221;1\/3&#8243; css=&#8221;.vc_custom_1640865094738{border-right-width: 5% !important;border-left-width: 5% !important;background-color: rgba(255,255,255,0.55) !important;*background-color: rgb(255,255,255) !important;}&#8221;][vc_single_image image=&#8221;53644&#8243; img_size=&#8221;full&#8221;][vc_column_text]<\/p>\n<h2><strong><span style=\"color: #615851;\">ENS AGRADA EL QUE FEM<\/span><\/strong><\/h2>\n<p>[\/vc_column_text][vc_column_text]<span style=\"color: #615851;\">Mol\u00ed tradicional especialitzat en la molturaci\u00f3 de cereals ecol\u00f2gics<\/span>[\/vc_column_text][\/vc_column][\/vc_row][vc_row css=&#8221;.vc_custom_1640808254201{background-position: center !important;background-repeat: no-repeat !important;background-size: cover !important;}&#8221; el_class=&#8221;aliniat_amb_amplada&#8221;][vc_column][vc_empty_space][vc_column_text]<\/p>\n<h2 style=\"text-align: center;\"><span style=\"color: #615851;\"><strong>QUI SOM?<\/strong><br \/>\n<\/span><\/h2>\n<p>[\/vc_column_text][mvc_infobox info_opt=&#8221;show_icon&#8221; title_color=&#8221;#000000&#8243; font_icon=&#8221;fas fa-users&#8221; info_title=&#8221;ENS AGRADA EL QUE FEM&#8221;]<span style=\"color: #615851;\">Som un equip de persones que treballem per la qualitat del nostre producte, implicades en la missi\u00f3 de fer farines naturals.<\/span><\/p>\n<p>[\/mvc_infobox][\/vc_column][\/vc_row][vc_row css=&#8221;.vc_custom_1640808261010{background-position: center !important;background-repeat: no-repeat !important;background-size: cover !important;}&#8221; el_class=&#8221;aliniat_amb_amplada&#8221;][vc_column width=&#8221;1\/4&#8243;][mvc_infobox info_opt=&#8221;show_icon&#8221; title_color=&#8221;#000000&#8243; font_icon=&#8221;fab fa-pagelines&#8221; info_title=&#8221;BON BLAT&#8221;]<span style=\"color: #615851;\"><span style=\"vertical-align: inherit;\"><span style=\"vertical-align: inherit;\">Blats tradicionals que panifiquen per si mateixos sense necessitat d&#8217;afegir productes aliens al blat. <\/span><span style=\"vertical-align: inherit;\">Els molem tal com hem fet sempre, sense pressa ni grans pressions.<\/span><\/span><\/span><\/p>\n<p>[\/mvc_infobox][\/vc_column][vc_column width=&#8221;1\/4&#8243;][mvc_infobox info_opt=&#8221;show_icon&#8221; title_color=&#8221;#000000&#8243; font_icon=&#8221;fas fa-star&#8221; info_title=&#8221;QUALITAT&#8221;]<span style=\"color: #615851;\"><span style=\"vertical-align: inherit;\"><span style=\"vertical-align: inherit;\">Comprem els blats segons la proced\u00e8ncia, qualitat, prote\u00efna, extensibilitat, for\u00e7a,\u2026, generalment per la nostra zona.<\/span><\/span><\/span><\/p>\n<p>[\/mvc_infobox][\/vc_column][vc_column width=&#8221;1\/4&#8243;][mvc_infobox info_opt=&#8221;show_icon&#8221; title_color=&#8221;#000000&#8243; font_icon=&#8221;fas fa-bread-slice&#8221; info_title=&#8221;FARINES&#8221;]<span style=\"color: #615851;\"><span style=\"vertical-align: inherit;\"><span style=\"vertical-align: inherit;\">Barregem les farines segons la qualitat i la for\u00e7a que ens marca les necessitats de cada client i els diferents processos.<\/span><\/span><\/span><\/p>\n<p>[\/mvc_infobox][\/vc_column][vc_column width=&#8221;1\/4&#8243;][mvc_infobox info_opt=&#8221;show_icon&#8221; title_color=&#8221;#000000&#8243; font_icon=&#8221;fas fa-leaf&#8221; info_title=&#8221;ECOLOGIA&#8221;]<span style=\"color: #615851;\"><span style=\"vertical-align: inherit;\"><span style=\"vertical-align: inherit;\">Farines certificades pel consell catal\u00e0 de la producci\u00f3 agr\u00e0ria ecol\u00f2gica <\/span><\/span><b><span style=\"vertical-align: inherit;\"><span style=\"vertical-align: inherit;\">(CCPAE n\u00fam. CT\/2084\/E)<\/span><\/span><\/b><span style=\"vertical-align: inherit;\"><span style=\"vertical-align: inherit;\"> .<\/span><\/span><\/span><\/p>\n<p>[\/mvc_infobox][\/vc_column][\/vc_row][vc_row css=&#8221;.vc_custom_1640808267513{background-position: center !important;background-repeat: no-repeat !important;background-size: cover !important;}&#8221; el_class=&#8221;aliniat_amb_amplada&#8221;][vc_column][mvc_infobox info_opt=&#8221;show_icon&#8221; title_color=&#8221;#000000&#8243; font_icon=&#8221;fas fa-industry&#8221; info_title=&#8221;HISTORIA&#8221;]<span style=\"color: #615851;\"><span style=\"vertical-align: inherit;\"><span style=\"vertical-align: inherit;\">La f\u00e0brica va ser fundada l&#8217;any 1939 i ens hem anat adaptant a les noves tecnologies al llarg dels anys. <\/span><span style=\"vertical-align: inherit;\">Des de l&#8217;any 2010, seguint la filosofia de fer farines naturals, comptem amb farines procedents de cereals ecol\u00f2gics, que tamb\u00e9 podem moldre amb mol\u00ed de pedres.<\/span><\/span><\/span><\/p>\n<p>[\/mvc_infobox][\/vc_column][\/vc_row][vc_row full_width=&#8221;stretch_row_content_no_spaces&#8221; equal_height=&#8221;yes&#8221; css=&#8221;.vc_custom_1640865623150{background-position: center !important;background-repeat: no-repeat !important;background-size: cover !important;}&#8221;][vc_column][vc_empty_space][vc_row_inner][vc_column_inner width=&#8221;1\/4&#8243;][vc_single_image image=&#8221;53779&#8243; img_size=&#8221;full&#8221; alignment=&#8221;center&#8221;][\/vc_column_inner][vc_column_inner width=&#8221;1\/4&#8243;][vc_single_image image=&#8221;54128&#8243; img_size=&#8221;full&#8221; alignment=&#8221;center&#8221;][\/vc_column_inner][vc_column_inner width=&#8221;1\/4&#8243;][vc_single_image image=&#8221;54130&#8243; img_size=&#8221;full&#8221; alignment=&#8221;center&#8221;][\/vc_column_inner][vc_column_inner width=&#8221;1\/4&#8243;][vc_single_image image=&#8221;54132&#8243; img_size=&#8221;full&#8221; alignment=&#8221;center&#8221;][\/vc_column_inner][\/vc_row_inner][\/vc_column][\/vc_row][vc_row type=&#8221;boxed&#8221; background_style=&#8221;normal&#8221; el_class=&#8221;aliniat_amb_amplada&#8221;][vc_column el_class=&#8221;ultimas-noticias-row&#8221;][vc_empty_space][\/vc_column][\/vc_row][vc_row type=&#8221;boxed&#8221; background_style=&#8221;normal&#8221; el_class=&#8221;aliniat_amb_amplada&#8221; css=&#8221;.vc_custom_1673361447317{padding-top: 0px !important;padding-right: 30px !important;padding-bottom: 30px !important;padding-left: 30px !important;background-color: #615851 !important;}&#8221;][vc_column el_class=&#8221;ultimas-noticias-row&#8221; css=&#8221;.vc_custom_1673361414081{padding-right: 0px !important;padding-left: 0px !important;}&#8221;][vc_column_text]<\/p>\n<h2 style=\"text-align: center;\"><span style=\"color: #ffffff;\"><strong>CONEIX-NOS UNA MICA M\u00c9S<\/strong><\/span><\/h2>\n<p>[\/vc_column_text][vc_raw_html]JTNDdmlkZW8lMjBzcmMlM0QlMjJodHRwcyUzQSUyRiUyRnJvY2FmYXJpbmVycy5jb20lMkZ3cC1jb250ZW50JTJGdXBsb2FkcyUyRjIwMjMlMkYwMSUyRnByZXNlbnRhY2lvLWZhcmluZXJhLXJvY2EubXA0JTIyJTIwd2lkdGglM0QlMjIxMDAlMjUlMjIlMjBsb29wJTIwY29udHJvbHMlM0UlM0MlMkZ2aWRlbyUzRQ==[\/vc_raw_html][\/vc_column][\/vc_row][vc_row type=&#8221;boxed&#8221; background_style=&#8221;normal&#8221; el_class=&#8221;aliniat_amb_amplada&#8221;][vc_column el_class=&#8221;ultimas-noticias-row&#8221;][vc_empty_space height=&#8221;20px&#8221;][vc_column_text]<\/p>\n<h2><span style=\"color: #615851;\"><span style=\"color: #333333;\"><span style=\"vertical-align: inherit;\"><span style=\"vertical-align: inherit;\">\u00daLTIMES\u00a0 <\/span><\/span><\/span><strong><span class=\"span_titol_color\"><span style=\"vertical-align: inherit;\"><span style=\"vertical-align: inherit;\">RECEPTES<\/span><\/span><\/span><\/strong><\/span><\/h2>\n<p>[\/vc_column_text][vc_empty_space height=&#8221;20px&#8221;][vc_column_text]\t\t<div class=\"wppsac-wrap wppsac-slick-carousel-wrp wppsac-clearfix \" data-conf=\"{&quot;slides_to_show&quot;:3,&quot;slides_to_scroll&quot;:1,&quot;dots&quot;:&quot;true&quot;,&quot;arrows&quot;:&quot;true&quot;,&quot;autoplay&quot;:&quot;true&quot;,&quot;autoplay_interval&quot;:3000,&quot;speed&quot;:500,&quot;rtl&quot;:&quot;false&quot;,&quot;lazyload&quot;:&quot;&quot;}\">\r\n\t\t\t<div id=\"wppsac-post-carousel-1\" class=\"wppsac-post-slider-init wppsac-post-carousel design-1\">\r\n\t\t\t\t<div class=\"wppsac-carousel-slides\">\r\n\t\t<div class=\"wppsac-post-image-bg\">\r\n\t\t<a href=\"https:\/\/rocafariners.com\/ca\/receptes\/pan-arbol-de-navidad\/\">\r\n\t\t\t<img class=\"wppsac-post-image\"  src=\"https:\/\/rocafariners.com\/wp-content\/uploads\/2022\/12\/IMG_8409-scaled.jpg\" alt=\"PAN ARBOL DE NAVIDAD\" \/>\r\n\t\t<\/a>\r\n\t<\/div>\r\n\t\r\n\t<div class=\"wppsac-post-content-position\">\r\n\t\t\t\t<div class=\"wppsac-post-categories\"><\/div>\r\n\t\t\r\n\t\t<h2 class=\"wppsac-post-title\">\r\n\t\t\t<a href=\"https:\/\/rocafariners.com\/ca\/receptes\/pan-arbol-de-navidad\/\">PAN ARBOL DE NAVIDAD<\/a>\r\n\t\t<\/h2>\r\n\r\n\t\t\t\t<div class=\"wppsac-post-content\">\r\n\t\t\t<div class=\"wppsac-sub-content\">&nbsp; Ingredientes Cantidad (g) Porcentaje (%) Harina Trigo Eco 1000 100 Levadura seca 4 0.4 Masa madre 200 20 Sal...<\/div>\r\n\r\n\t\t\t\t\t<\/div>\r\n\t\t\t<\/div>\r\n<\/div><div class=\"wppsac-carousel-slides\">\r\n\t\t<div class=\"wppsac-post-image-bg\">\r\n\t\t<a href=\"https:\/\/rocafariners.com\/ca\/receptes\/ramadan-pita-ramazan-pidesi\/\">\r\n\t\t\t<img class=\"wppsac-post-image\"  src=\"https:\/\/rocafariners.com\/wp-content\/uploads\/2022\/04\/IMG_2818-scaled.jpg\" alt=\"RAMADAN PITA (RAMAZAN PIDESI)\" \/>\r\n\t\t<\/a>\r\n\t<\/div>\r\n\t\r\n\t<div class=\"wppsac-post-content-position\">\r\n\t\t\t\t<div class=\"wppsac-post-categories\"><\/div>\r\n\t\t\r\n\t\t<h2 class=\"wppsac-post-title\">\r\n\t\t\t<a href=\"https:\/\/rocafariners.com\/ca\/receptes\/ramadan-pita-ramazan-pidesi\/\">RAMADAN PITA (RAMAZAN PIDESI)<\/a>\r\n\t\t<\/h2>\r\n\r\n\t\t\t\t<div class=\"wppsac-post-content\">\r\n\t\t\t<div class=\"wppsac-sub-content\">&nbsp; Ingredientes Cantidad (g) Porcentaje (%) MASA: Harina de Trigo eco \u00a01000 Masa madre 200 \u00a020% Agua 700 70% Levadura...<\/div>\r\n\r\n\t\t\t\t\t<\/div>\r\n\t\t\t<\/div>\r\n<\/div><div class=\"wppsac-carousel-slides\">\r\n\t\t<div class=\"wppsac-post-image-bg\">\r\n\t\t<a href=\"https:\/\/rocafariners.com\/ca\/receptes\/bagels\/\">\r\n\t\t\t<img class=\"wppsac-post-image\"  src=\"https:\/\/rocafariners.com\/wp-content\/uploads\/2022\/04\/IMG_2592-scaled.jpg\" alt=\"BAGELS\" \/>\r\n\t\t<\/a>\r\n\t<\/div>\r\n\t\r\n\t<div class=\"wppsac-post-content-position\">\r\n\t\t\t\t<div class=\"wppsac-post-categories\"><\/div>\r\n\t\t\r\n\t\t<h2 class=\"wppsac-post-title\">\r\n\t\t\t<a href=\"https:\/\/rocafariners.com\/ca\/receptes\/bagels\/\">BAGELS<\/a>\r\n\t\t<\/h2>\r\n\r\n\t\t\t\t<div class=\"wppsac-post-content\">\r\n\t\t\t<div class=\"wppsac-sub-content\">&nbsp; Ingredientes Cantidad (g) Porcentaje (%) Harina Fuerza Eco \u00a0500 \u00a0100 Levadura seca 7.5 \u00a01.5 Sal 10 2 Agua \u00a0290-300...<\/div>\r\n\r\n\t\t\t\t\t<\/div>\r\n\t\t\t<\/div>\r\n<\/div><div class=\"wppsac-carousel-slides\">\r\n\t\t<div class=\"wppsac-post-image-bg\">\r\n\t\t<a href=\"https:\/\/rocafariners.com\/ca\/receptes\/lenguas-de-gato\/\">\r\n\t\t\t<img class=\"wppsac-post-image\"  src=\"https:\/\/rocafariners.com\/wp-content\/uploads\/2022\/03\/lenguas-de-gato2.jpg\" alt=\"LENGUAS DE GATO\" \/>\r\n\t\t<\/a>\r\n\t<\/div>\r\n\t\r\n\t<div class=\"wppsac-post-content-position\">\r\n\t\t\t\t<div class=\"wppsac-post-categories\"><\/div>\r\n\t\t\r\n\t\t<h2 class=\"wppsac-post-title\">\r\n\t\t\t<a href=\"https:\/\/rocafariners.com\/ca\/receptes\/lenguas-de-gato\/\">LENGUAS DE GATO<\/a>\r\n\t\t<\/h2>\r\n\r\n\t\t\t\t<div class=\"wppsac-post-content\">\r\n\t\t\t<div class=\"wppsac-sub-content\">Ingredientes Cantidad\u00a0 Harina de Trigo Floja Eco 200 g Mantequilla 200 g Az\u00facar 200 g Claras 4 u Sal Una...<\/div>\r\n\r\n\t\t\t\t\t<\/div>\r\n\t\t\t<\/div>\r\n<\/div><div class=\"wppsac-carousel-slides\">\r\n\t\t<div class=\"wppsac-post-image-bg\">\r\n\t\t<a href=\"https:\/\/rocafariners.com\/ca\/receptes\/batard-de-trigo-eco-y-trigo-t-80\/\">\r\n\t\t\t<img class=\"wppsac-post-image\"  src=\"https:\/\/rocafariners.com\/wp-content\/uploads\/2021\/12\/batard-de-trigo-eco.jpg\" alt=\"BATARD DE BLAT ECO I BLAT T-80\" \/>\r\n\t\t<\/a>\r\n\t<\/div>\r\n\t\r\n\t<div class=\"wppsac-post-content-position\">\r\n\t\t\t\t<div class=\"wppsac-post-categories\"><\/div>\r\n\t\t\r\n\t\t<h2 class=\"wppsac-post-title\">\r\n\t\t\t<a href=\"https:\/\/rocafariners.com\/ca\/receptes\/batard-de-trigo-eco-y-trigo-t-80\/\">BATARD DE BLAT ECO I BLAT T-80<\/a>\r\n\t\t<\/h2>\r\n\r\n\t\t\t\t<div class=\"wppsac-post-content\">\r\n\t\t\t<div class=\"wppsac-sub-content\">Ingredients Quantitat (g) Percentatge (%) Farina Blat ecol\u00f2gica 1600 80% Farina Blat t-80 400 20% Sal 40 2% Llevat (sec)<\/div>\r\n\r\n\t\t\t\t\t<\/div>\r\n\t\t\t<\/div>\r\n<\/div><div class=\"wppsac-carousel-slides\">\r\n\t\t<div class=\"wppsac-post-image-bg\">\r\n\t\t<a href=\"https:\/\/rocafariners.com\/ca\/receptes\/coques-doli\/\">\r\n\t\t\t<img class=\"wppsac-post-image\"  src=\"https:\/\/rocafariners.com\/wp-content\/uploads\/2021\/12\/tortitas-aceite-510x419-1.jpg\" alt=\"COQUES D&#8217;OLI\" \/>\r\n\t\t<\/a>\r\n\t<\/div>\r\n\t\r\n\t<div class=\"wppsac-post-content-position\">\r\n\t\t\t\t<div class=\"wppsac-post-categories\"><\/div>\r\n\t\t\r\n\t\t<h2 class=\"wppsac-post-title\">\r\n\t\t\t<a href=\"https:\/\/rocafariners.com\/ca\/receptes\/coques-doli\/\">COQUES D&#8217;OLI<\/a>\r\n\t\t<\/h2>\r\n\r\n\t\t\t\t<div class=\"wppsac-post-content\">\r\n\t\t\t<div class=\"wppsac-sub-content\">Coques fines i cruixents tradicionals i de f\u00e0cil preparaci\u00f3. Poden ser dol\u00e7os o salades. En aquesta recepta l\u00b4hem fet dol\u00e7os,...<\/div>\r\n\r\n\t\t\t\t\t<\/div>\r\n\t\t\t<\/div>\r\n<\/div><div class=\"wppsac-carousel-slides\">\r\n\t\t<div class=\"wppsac-post-image-bg\">\r\n\t\t<a href=\"https:\/\/rocafariners.com\/ca\/receptes\/comencar-la-nostra-massa-mare\/\">\r\n\t\t\t<img class=\"wppsac-post-image\"  src=\"https:\/\/rocafariners.com\/wp-content\/uploads\/2021\/12\/masa-madre-510x419-1-1.jpg\" alt=\"COMEN\u00c7AR LA NOSTRA MASSA MARE\" \/>\r\n\t\t<\/a>\r\n\t<\/div>\r\n\t\r\n\t<div class=\"wppsac-post-content-position\">\r\n\t\t\t\t<div class=\"wppsac-post-categories\"><\/div>\r\n\t\t\r\n\t\t<h2 class=\"wppsac-post-title\">\r\n\t\t\t<a href=\"https:\/\/rocafariners.com\/ca\/receptes\/comencar-la-nostra-massa-mare\/\">COMEN\u00c7AR LA NOSTRA MASSA MARE<\/a>\r\n\t\t<\/h2>\r\n\r\n\t\t\t\t<div class=\"wppsac-post-content\">\r\n\t\t\t<div class=\"wppsac-sub-content\">La massa mare \u00e9s un cultiu natural de llevats i bacteris que utilitzem per fermentar el pa. En aquesta recepta,...<\/div>\r\n\r\n\t\t\t\t\t<\/div>\r\n\t\t\t<\/div>\r\n<\/div><div class=\"wppsac-carousel-slides\">\r\n\t\t<div class=\"wppsac-post-image-bg\">\r\n\t\t<a href=\"https:\/\/rocafariners.com\/ca\/receptes\/pa-de-sant-jordi\/\">\r\n\t\t\t<img class=\"wppsac-post-image\"  src=\"https:\/\/rocafariners.com\/wp-content\/uploads\/2021\/12\/pan-de-sant-jordi.jpg\" alt=\"PA DE SANT JORDI\" \/>\r\n\t\t<\/a>\r\n\t<\/div>\r\n\t\r\n\t<div class=\"wppsac-post-content-position\">\r\n\t\t\t\t<div class=\"wppsac-post-categories\"><\/div>\r\n\t\t\r\n\t\t<h2 class=\"wppsac-post-title\">\r\n\t\t\t<a href=\"https:\/\/rocafariners.com\/ca\/receptes\/pa-de-sant-jordi\/\">PA DE SANT JORDI<\/a>\r\n\t\t<\/h2>\r\n\r\n\t\t\t\t<div class=\"wppsac-post-content\">\r\n\t\t\t<div class=\"wppsac-sub-content\">El pa de Sant Jordi \u00e9s un pa farcit de formatge i sobrassada intercalats perqu\u00e8, quan es talli, es pugui...<\/div>\r\n\r\n\t\t\t\t\t<\/div>\r\n\t\t\t<\/div>\r\n<\/div><div class=\"wppsac-carousel-slides\">\r\n\t\t<div class=\"wppsac-post-image-bg\">\r\n\t\t<a href=\"https:\/\/rocafariners.com\/ca\/receptes\/pestinos\/\">\r\n\t\t\t<img class=\"wppsac-post-image\"  src=\"https:\/\/rocafariners.com\/wp-content\/uploads\/2018\/03\/pestinos.jpg\" alt=\"\u201cPESTI\u00d1OS\u201d\" \/>\r\n\t\t<\/a>\r\n\t<\/div>\r\n\t\r\n\t<div class=\"wppsac-post-content-position\">\r\n\t\t\t\t<div class=\"wppsac-post-categories\"><\/div>\r\n\t\t\r\n\t\t<h2 class=\"wppsac-post-title\">\r\n\t\t\t<a href=\"https:\/\/rocafariners.com\/ca\/receptes\/pestinos\/\">\u201cPESTI\u00d1OS\u201d<\/a>\r\n\t\t<\/h2>\r\n\r\n\t\t\t\t<div class=\"wppsac-post-content\">\r\n\t\t\t<div class=\"wppsac-sub-content\">Dol\u00e7 que s\u2019assembla a les \u201chojuelas\u201d a Gal\u00edcia, a les \u201corelletes\u201d a Catalunya, a la \u201cchebakia\u201d marroqu\u00ed, a la \u201cfictilia\u201d...<\/div>\r\n\r\n\t\t\t\t\t<\/div>\r\n\t\t\t<\/div>\r\n<\/div><div class=\"wppsac-carousel-slides\">\r\n\t\t<div class=\"wppsac-post-image-bg\">\r\n\t\t<a href=\"https:\/\/rocafariners.com\/ca\/receptes\/mona-de-pasqua\/\">\r\n\t\t\t<img class=\"wppsac-post-image\"  src=\"https:\/\/rocafariners.com\/wp-content\/uploads\/2018\/03\/mona-de-pascua.jpg\" alt=\"MONA DE PASQUA\" \/>\r\n\t\t<\/a>\r\n\t<\/div>\r\n\t\r\n\t<div class=\"wppsac-post-content-position\">\r\n\t\t\t\t<div class=\"wppsac-post-categories\"><\/div>\r\n\t\t\r\n\t\t<h2 class=\"wppsac-post-title\">\r\n\t\t\t<a href=\"https:\/\/rocafariners.com\/ca\/receptes\/mona-de-pasqua\/\">MONA DE PASQUA<\/a>\r\n\t\t<\/h2>\r\n\r\n\t\t\t\t<div class=\"wppsac-post-content\">\r\n\t\t\t<div class=\"wppsac-sub-content\">Es menjava per la seva prote\u00efna quan la carn no estava permesa durant la Quaresma, i simbolitza la felicitat i...<\/div>\r\n\r\n\t\t\t\t\t<\/div>\r\n\t\t\t<\/div>\r\n<\/div>\t\t\t<\/div>\r\n\t\t<\/div>\r\n\t[\/vc_column_text][\/vc_column][\/vc_row][vc_row type=&#8221;boxed&#8221; background_style=&#8221;normal&#8221; el_class=&#8221;aliniat_amb_amplada&#8221;][vc_column el_class=&#8221;ultimas-noticias-row&#8221;][vc_empty_space height=&#8221;20px&#8221;][vc_column_text]<\/p>\n<h2><span style=\"color: #615851;\"><span style=\"color: #333333;\"><span style=\"vertical-align: inherit;\"><span style=\"vertical-align: inherit;\">\u00daLTIMES\u00a0 <\/span><\/span><\/span><strong><span class=\"span_titol_color\"><span style=\"vertical-align: inherit;\"><span style=\"vertical-align: inherit;\">NOT\u00cdCIES<\/span><\/span><\/span><\/strong><\/span><\/h2>\n<p>[\/vc_column_text][vc_empty_space height=&#8221;20px&#8221;][vc_column_text]\t\t<div class=\"wppsac-wrap wppsac-slick-carousel-wrp wppsac-clearfix \" data-conf=\"{&quot;slides_to_show&quot;:3,&quot;slides_to_scroll&quot;:1,&quot;dots&quot;:&quot;true&quot;,&quot;arrows&quot;:&quot;true&quot;,&quot;autoplay&quot;:&quot;true&quot;,&quot;autoplay_interval&quot;:3000,&quot;speed&quot;:500,&quot;rtl&quot;:&quot;false&quot;,&quot;lazyload&quot;:&quot;&quot;}\">\r\n\t\t\t<div id=\"wppsac-post-carousel-2\" class=\"wppsac-post-slider-init wppsac-post-carousel design-1\">\r\n\t\t\t\t<div class=\"wppsac-carousel-slides\">\r\n\t\t<div class=\"wppsac-post-image-bg\">\r\n\t\t<a href=\"https:\/\/rocafariners.com\/ca\/la-masa-madre\/\">\r\n\t\t\t<img class=\"wppsac-post-image\"  src=\"https:\/\/rocafariners.com\/wp-content\/uploads\/2021\/12\/masa-madre-510x419-1.jpg\" alt=\"La Masa Madre\" \/>\r\n\t\t<\/a>\r\n\t<\/div>\r\n\t\r\n\t<div class=\"wppsac-post-content-position\">\r\n\t\t\t\t<div class=\"wppsac-post-categories\"><ul class=\"wppsac-post-categories-list\"><li><a href=\"https:\/\/rocafariners.com\/ca\/category\/noticies\/\">Not\u00edcies<\/a><\/li><\/ul><\/div>\r\n\t\t\r\n\t\t<h2 class=\"wppsac-post-title\">\r\n\t\t\t<a href=\"https:\/\/rocafariners.com\/ca\/la-masa-madre\/\">La Masa Madre<\/a>\r\n\t\t<\/h2>\r\n\r\n\t\t\t\t<div class=\"wppsac-post-content\">\r\n\t\t\t<div class=\"wppsac-sub-content\"><\/div>\r\n\r\n\t\t\t\t\t<\/div>\r\n\t\t\t<\/div>\r\n<\/div><div class=\"wppsac-carousel-slides\">\r\n\t\t<div class=\"wppsac-post-image-bg\">\r\n\t\t<a href=\"https:\/\/rocafariners.com\/ca\/dolcos-per-a-setmana-santa\/\">\r\n\t\t\t<img class=\"wppsac-post-image\"  src=\"https:\/\/rocafariners.com\/wp-content\/uploads\/2021\/12\/dulces-para-semana-santa-ESP-510x378-1.jpg\" alt=\"Dol\u00e7os per a Setmana Santa\" \/>\r\n\t\t<\/a>\r\n\t<\/div>\r\n\t\r\n\t<div class=\"wppsac-post-content-position\">\r\n\t\t\t\t<div class=\"wppsac-post-categories\"><ul class=\"wppsac-post-categories-list\"><li><a href=\"https:\/\/rocafariners.com\/ca\/category\/noticies\/\">Not\u00edcies<\/a><\/li><\/ul><\/div>\r\n\t\t\r\n\t\t<h2 class=\"wppsac-post-title\">\r\n\t\t\t<a href=\"https:\/\/rocafariners.com\/ca\/dolcos-per-a-setmana-santa\/\">Dol\u00e7os per a Setmana Santa<\/a>\r\n\t\t<\/h2>\r\n\r\n\t\t\t\t<div class=\"wppsac-post-content\">\r\n\t\t\t<div class=\"wppsac-sub-content\">Receptes de dol\u00e7os t\u00edpics i tradicionals de Quaresma. En aquesta \u00e8poca de l'any, la nostra cultura i les nostres tradicions...<\/div>\r\n\r\n\t\t\t\t\t<\/div>\r\n\t\t\t<\/div>\r\n<\/div><div class=\"wppsac-carousel-slides\">\r\n\t\t<div class=\"wppsac-post-image-bg\">\r\n\t\t<a href=\"https:\/\/rocafariners.com\/ca\/caracteristiques-del-gra\/\">\r\n\t\t\t<img class=\"wppsac-post-image\"  src=\"https:\/\/rocafariners.com\/wp-content\/uploads\/2021\/01\/caracteristicas-del-grano-format-NOTICIA-CAT-07.jpg\" alt=\"Caracter\u00edstiques del gra\" \/>\r\n\t\t<\/a>\r\n\t<\/div>\r\n\t\r\n\t<div class=\"wppsac-post-content-position\">\r\n\t\t\t\t<div class=\"wppsac-post-categories\"><ul class=\"wppsac-post-categories-list\"><li><a href=\"https:\/\/rocafariners.com\/ca\/category\/noticies\/\">Not\u00edcies<\/a><\/li><\/ul><\/div>\r\n\t\t\r\n\t\t<h2 class=\"wppsac-post-title\">\r\n\t\t\t<a href=\"https:\/\/rocafariners.com\/ca\/caracteristiques-del-gra\/\">Caracter\u00edstiques del gra<\/a>\r\n\t\t<\/h2>\r\n\r\n\t\t\t\t<div class=\"wppsac-post-content\">\r\n\t\t\t<div class=\"wppsac-sub-content\">Composici\u00f3, percentatge, contingut de fibres i extracci\u00f3 dels grans amb algunes receptes.<\/div>\r\n\r\n\t\t\t\t\t<\/div>\r\n\t\t\t<\/div>\r\n<\/div><div class=\"wppsac-carousel-slides\">\r\n\t\t<div class=\"wppsac-post-image-bg\">\r\n\t\t<a href=\"https:\/\/rocafariners.com\/ca\/receptes-per-nadal\/\">\r\n\t\t\t<img class=\"wppsac-post-image\"  src=\"https:\/\/rocafariners.com\/wp-content\/uploads\/2020\/12\/Post-1-Felices-Fiestas.jpg\" alt=\"Receptes per Nadal\" \/>\r\n\t\t<\/a>\r\n\t<\/div>\r\n\t\r\n\t<div class=\"wppsac-post-content-position\">\r\n\t\t\t\t<div class=\"wppsac-post-categories\"><ul class=\"wppsac-post-categories-list\"><li><a href=\"https:\/\/rocafariners.com\/ca\/category\/noticies\/\">Not\u00edcies<\/a><\/li><li><a href=\"https:\/\/rocafariners.com\/ca\/category\/novedades-ca\/\">Novetats<\/a><\/li><\/ul><\/div>\r\n\t\t\r\n\t\t<h2 class=\"wppsac-post-title\">\r\n\t\t\t<a href=\"https:\/\/rocafariners.com\/ca\/receptes-per-nadal\/\">Receptes per Nadal<\/a>\r\n\t\t<\/h2>\r\n\r\n\t\t\t\t<div class=\"wppsac-post-content\">\r\n\t\t\t<div class=\"wppsac-sub-content\">Us proporcionem unes Receptes Especials per Nadal. Fes click a les imatges per descobrir-les: \u00a0 \u00a0\u00a0 \u00a0 \u00a0\u00a0 &nbsp; &nbsp;<\/div>\r\n\r\n\t\t\t\t\t<\/div>\r\n\t\t\t<\/div>\r\n<\/div><div class=\"wppsac-carousel-slides\">\r\n\t\t<div class=\"wppsac-post-image-bg\">\r\n\t\t<a href=\"https:\/\/rocafariners.com\/ca\/nova-farina-seleccio\/\">\r\n\t\t\t<img class=\"wppsac-post-image\"  src=\"https:\/\/rocafariners.com\/wp-content\/uploads\/2020\/11\/harina-seleccion-producto.png\" alt=\"Nova Farina Selecci\u00f3\" \/>\r\n\t\t<\/a>\r\n\t<\/div>\r\n\t\r\n\t<div class=\"wppsac-post-content-position\">\r\n\t\t\t\t<div class=\"wppsac-post-categories\"><ul class=\"wppsac-post-categories-list\"><li><a href=\"https:\/\/rocafariners.com\/ca\/category\/noticies\/\">Not\u00edcies<\/a><\/li><li><a href=\"https:\/\/rocafariners.com\/ca\/category\/novedades-ca\/\">Novetats<\/a><\/li><\/ul><\/div>\r\n\t\t\r\n\t\t<h2 class=\"wppsac-post-title\">\r\n\t\t\t<a href=\"https:\/\/rocafariners.com\/ca\/nova-farina-seleccio\/\">Nova Farina Selecci\u00f3<\/a>\r\n\t\t<\/h2>\r\n\r\n\t\t\t\t<div class=\"wppsac-post-content\">\r\n\t\t\t<div class=\"wppsac-sub-content\">Nova Farina Selecci\u00f3:\u00a0Farina elaborada amb diferents varietats de blat tou i de blat dur m\u00f2lts en molins de cilindres i...<\/div>\r\n\r\n\t\t\t\t\t<\/div>\r\n\t\t\t<\/div>\r\n<\/div><div class=\"wppsac-carousel-slides\">\r\n\t\t<div class=\"wppsac-post-image-bg\">\r\n\t\t<a href=\"https:\/\/rocafariners.com\/ca\/nova-farina-no-gluten-eco\/\">\r\n\t\t\t<img class=\"wppsac-post-image\"  src=\"https:\/\/rocafariners.com\/wp-content\/uploads\/2017\/06\/nogluten3.jpg\" alt=\"Nova farina NoGluten eco\" \/>\r\n\t\t<\/a>\r\n\t<\/div>\r\n\t\r\n\t<div class=\"wppsac-post-content-position\">\r\n\t\t\t\t<div class=\"wppsac-post-categories\"><ul class=\"wppsac-post-categories-list\"><li><a href=\"https:\/\/rocafariners.com\/ca\/category\/noticies\/\">Not\u00edcies<\/a><\/li><\/ul><\/div>\r\n\t\t\r\n\t\t<h2 class=\"wppsac-post-title\">\r\n\t\t\t<a href=\"https:\/\/rocafariners.com\/ca\/nova-farina-no-gluten-eco\/\">Nova farina NoGluten eco<\/a>\r\n\t\t<\/h2>\r\n\r\n\t\t\t\t<div class=\"wppsac-post-content\">\r\n\t\t\t<div class=\"wppsac-sub-content\">Nova Farina\u00a0NoGluten\u00a0Eco: farina natural elaborada amb farines riques en prote\u00efnes i fibra. Sense gomes ni aditius.\u00a0Major proporci\u00f3 de farines\u00a0integrals de...<\/div>\r\n\r\n\t\t\t\t\t<\/div>\r\n\t\t\t<\/div>\r\n<\/div><div class=\"wppsac-carousel-slides\">\r\n\t\t<div class=\"wppsac-post-image-bg\">\r\n\t\t<a href=\"https:\/\/rocafariners.com\/ca\/mix-andino-ecologico-quinoa-roja-quinoa-blanca-y-chia\/\">\r\n\t\t\t<img class=\"wppsac-post-image\"  src=\"https:\/\/rocafariners.com\/wp-content\/uploads\/2015\/12\/IMG_3966.jpg\" alt=\"Mix and\u00ed ecol\u00f2gic: quinoa vermella, quinoa blanca i chia\" \/>\r\n\t\t<\/a>\r\n\t<\/div>\r\n\t\r\n\t<div class=\"wppsac-post-content-position\">\r\n\t\t\t\t<div class=\"wppsac-post-categories\"><ul class=\"wppsac-post-categories-list\"><li><a href=\"https:\/\/rocafariners.com\/ca\/category\/noticies\/\">Not\u00edcies<\/a><\/li><li><a href=\"https:\/\/rocafariners.com\/ca\/category\/novedades-ca\/\">Novetats<\/a><\/li><\/ul><\/div>\r\n\t\t\r\n\t\t<h2 class=\"wppsac-post-title\">\r\n\t\t\t<a href=\"https:\/\/rocafariners.com\/ca\/mix-andino-ecologico-quinoa-roja-quinoa-blanca-y-chia\/\">Mix and\u00ed ecol\u00f2gic: quinoa vermella, quinoa blanca i chia<\/a>\r\n\t\t<\/h2>\r\n\r\n\t\t\t\t<div class=\"wppsac-post-content\">\r\n\t\t\t<div class=\"wppsac-sub-content\">Nova barreja de cereals: quinoa vermella, quinoa blanca i chia. Envasats en sac de 10 kg. Destaquen por ser rics...<\/div>\r\n\r\n\t\t\t\t\t<\/div>\r\n\t\t\t<\/div>\r\n<\/div><div class=\"wppsac-carousel-slides\">\r\n\t\t<div class=\"wppsac-post-image-bg\">\r\n\t\t<a href=\"https:\/\/rocafariners.com\/ca\/nuevas-harinas-a-la-piedra-en-nuestra-tienda-on-line-xeixa-y-espelta-pequena\/\">\r\n\t\t\t<img class=\"wppsac-post-image\"  src=\"https:\/\/rocafariners.com\/wp-content\/uploads\/2016\/02\/imatge-peu.png\" alt=\"Noves farines a la pedra a la nostra botiga on line: xeixa i espelta petita\" \/>\r\n\t\t<\/a>\r\n\t<\/div>\r\n\t\r\n\t<div class=\"wppsac-post-content-position\">\r\n\t\t\t\t<div class=\"wppsac-post-categories\"><ul class=\"wppsac-post-categories-list\"><li><a href=\"https:\/\/rocafariners.com\/ca\/category\/noticies\/\">Not\u00edcies<\/a><\/li><li><a href=\"https:\/\/rocafariners.com\/ca\/category\/novedades-ca\/\">Novetats<\/a><\/li><\/ul><\/div>\r\n\t\t\r\n\t\t<h2 class=\"wppsac-post-title\">\r\n\t\t\t<a href=\"https:\/\/rocafariners.com\/ca\/nuevas-harinas-a-la-piedra-en-nuestra-tienda-on-line-xeixa-y-espelta-pequena\/\">Noves farines a la pedra a la nostra botiga on line: xeixa i espelta petita<\/a>\r\n\t\t<\/h2>\r\n\r\n\t\t\t\t<div class=\"wppsac-post-content\">\r\n\t\t\t<div class=\"wppsac-sub-content\">Ja disponibles a la venta a la nostra botiga on line dos nous tipus de farines m\u00f2ltes a la pedra...<\/div>\r\n\r\n\t\t\t\t\t<\/div>\r\n\t\t\t<\/div>\r\n<\/div><div class=\"wppsac-carousel-slides\">\r\n\t\t<div class=\"wppsac-post-image-bg\">\r\n\t\t<a href=\"https:\/\/rocafariners.com\/ca\/nova-farina-especial\/\">\r\n\t\t\t<img class=\"wppsac-post-image\"  src=\"https:\/\/rocafariners.com\/wp-content\/uploads\/2015\/04\/SACS-VENTA-ONLINE.key.jpeg\" alt=\"Nova farina especial\" \/>\r\n\t\t<\/a>\r\n\t<\/div>\r\n\t\r\n\t<div class=\"wppsac-post-content-position\">\r\n\t\t\t\t<div class=\"wppsac-post-categories\"><ul class=\"wppsac-post-categories-list\"><li><a href=\"https:\/\/rocafariners.com\/ca\/category\/noticies\/\">Not\u00edcies<\/a><\/li><li><a href=\"https:\/\/rocafariners.com\/ca\/category\/novedades-ca\/\">Novetats<\/a><\/li><\/ul><\/div>\r\n\t\t\r\n\t\t<h2 class=\"wppsac-post-title\">\r\n\t\t\t<a href=\"https:\/\/rocafariners.com\/ca\/nova-farina-especial\/\">Nova farina especial<\/a>\r\n\t\t<\/h2>\r\n\r\n\t\t\t\t<div class=\"wppsac-post-content\">\r\n\t\t\t<div class=\"wppsac-sub-content\">Disponible a la nostra botiga online la nova farina especial TRITORDEUM ECOL\u00d3GICA\u00a0(blanca i integral)\u00a0- Nou cereal !!!! amb el millor...<\/div>\r\n\r\n\t\t\t\t\t<\/div>\r\n\t\t\t<\/div>\r\n<\/div>\t\t\t<\/div>\r\n\t\t<\/div>\r\n\t[\/vc_column_text][\/vc_column][\/vc_row]<\/p>\n","protected":false},"excerpt":{"rendered":"<p>[vc_row css=&#8221;.vc_custom_1640865063327{margin-right: 0px !important;margin-left: 0px !important;padding-right: 0px !important;padding-left: 0px !important;background-image: url(https:\/\/rocafariners.com\/wp-content\/uploads\/2021\/04\/corporativa-portada-foto.png?id=45979) !important;background-position: center !important;background-repeat: no-repeat !important;background-size: cover !important;}&#8221;][vc_column width=&#8221;2\/3&#8243;][vc_empty_space height=&#8221;20px&#8221;][\/vc_column][vc_column width=&#8221;1\/3&#8243; css=&#8221;.vc_custom_1640865094738{border-right-width: 5% !important;border-left-width: 5% !important;background-color: rgba(255,255,255,0.55) !important;*background-color: rgb(255,255,255) !important;}&#8221;][vc_single_image image=&#8221;53644&#8243; img_size=&#8221;full&#8221;][vc_column_text] ENS AGRADA EL QUE FEM [\/vc_column_text][vc_column_text]Mol\u00ed tradicional especialitzat en la molturaci\u00f3 de cereals ecol\u00f2gics[\/vc_column_text][\/vc_column][\/vc_row][vc_row css=&#8221;.vc_custom_1640808254201{background-position: center !important;background-repeat: no-repeat !important;background-size: cover !important;}&#8221; el_class=&#8221;aliniat_amb_amplada&#8221;][vc_column][vc_empty_space][vc_column_text] QUI [&hellip;]<\/p>\n","protected":false},"author":1,"featured_media":0,"parent":0,"menu_order":0,"comment_status":"open","ping_status":"closed","template":"page-farinera.php","meta":{"_monsterinsights_skip_tracking":false,"_monsterinsights_sitenote_active":false,"_monsterinsights_sitenote_note":"","_monsterinsights_sitenote_category":0},"yoast_head":"<!-- This site is optimized with the Yoast SEO plugin v15.4 - https:\/\/yoast.com\/wordpress\/plugins\/seo\/ -->\n<title>Harinera Roca - Farinera Roca<\/title>\n<meta name=\"robots\" content=\"index, follow, max-snippet:-1, max-image-preview:large, max-video-preview:-1\" \/>\n<link rel=\"canonical\" href=\"https:\/\/rocafariners.com\/ca\/harinera-roca\/\" \/>\n<meta property=\"og:locale\" content=\"ca_ES\" \/>\n<meta property=\"og:type\" content=\"article\" \/>\n<meta property=\"og:title\" content=\"Harinera Roca - Farinera Roca\" \/>\n<meta property=\"og:description\" content=\"[vc_row css=&#8221;.vc_custom_1640865063327{margin-right: 0px !important;margin-left: 0px !important;padding-right: 0px !important;padding-left: 0px !important;background-image: url(https:\/\/rocafariners.com\/wp-content\/uploads\/2021\/04\/corporativa-portada-foto.png?id=45979) !important;background-position: center !important;background-repeat: no-repeat !important;background-size: cover !important;}&#8221;][vc_column width=&#8221;2\/3&#8243;][vc_empty_space height=&#8221;20px&#8221;][\/vc_column][vc_column width=&#8221;1\/3&#8243; css=&#8221;.vc_custom_1640865094738{border-right-width: 5% !important;border-left-width: 5% !important;background-color: rgba(255,255,255,0.55) !important;*background-color: rgb(255,255,255) !important;}&#8221;][vc_single_image image=&#8221;53644&#8243; img_size=&#8221;full&#8221;][vc_column_text] ENS AGRADA EL QUE FEM [\/vc_column_text][vc_column_text]Mol\u00ed tradicional especialitzat en la molturaci\u00f3 de cereals ecol\u00f2gics[\/vc_column_text][\/vc_column][\/vc_row][vc_row css=&#8221;.vc_custom_1640808254201{background-position: center !important;background-repeat: no-repeat !important;background-size: cover !important;}&#8221; el_class=&#8221;aliniat_amb_amplada&#8221;][vc_column][vc_empty_space][vc_column_text] QUI [&hellip;]\" \/>\n<meta property=\"og:url\" content=\"https:\/\/rocafariners.com\/ca\/harinera-roca\/\" \/>\n<meta property=\"og:site_name\" content=\"Farinera Roca\" \/>\n<meta property=\"article:modified_time\" content=\"2023-01-10T14:41:04+00:00\" \/>\n<meta name=\"twitter:card\" content=\"summary_large_image\" \/>\n<meta name=\"twitter:label1\" content=\"Escrit per\">\n\t<meta name=\"twitter:data1\" content=\"admin\">\n\t<meta name=\"twitter:label2\" content=\"Temps estimat de lectura\">\n\t<meta name=\"twitter:data2\" content=\"3 minuts\">\n<script type=\"application\/ld+json\" class=\"yoast-schema-graph\">{\"@context\":\"https:\/\/schema.org\",\"@graph\":[{\"@type\":\"WebSite\",\"@id\":\"http:\/\/rocafariners.com\/#website\",\"url\":\"http:\/\/rocafariners.com\/\",\"name\":\"Farinera Roca\",\"description\":\"buen trigo, buena harina, buen pan\",\"potentialAction\":[{\"@type\":\"SearchAction\",\"target\":\"http:\/\/rocafariners.com\/?s={search_term_string}\",\"query-input\":\"required name=search_term_string\"}],\"inLanguage\":\"ca\"},{\"@type\":\"WebPage\",\"@id\":\"https:\/\/rocafariners.com\/ca\/harinera-roca\/#webpage\",\"url\":\"https:\/\/rocafariners.com\/ca\/harinera-roca\/\",\"name\":\"Harinera Roca - Farinera Roca\",\"isPartOf\":{\"@id\":\"http:\/\/rocafariners.com\/#website\"},\"datePublished\":\"2015-06-03T08:01:34+00:00\",\"dateModified\":\"2023-01-10T14:41:04+00:00\",\"inLanguage\":\"ca\",\"potentialAction\":[{\"@type\":\"ReadAction\",\"target\":[\"https:\/\/rocafariners.com\/ca\/harinera-roca\/\"]}]}]}<\/script>\n<!-- \/ Yoast SEO plugin. -->","_links":{"self":[{"href":"https:\/\/rocafariners.com\/ca\/wp-json\/wp\/v2\/pages\/1933\/"}],"collection":[{"href":"https:\/\/rocafariners.com\/ca\/wp-json\/wp\/v2\/pages\/"}],"about":[{"href":"https:\/\/rocafariners.com\/ca\/wp-json\/wp\/v2\/types\/page\/"}],"author":[{"embeddable":true,"href":"https:\/\/rocafariners.com\/ca\/wp-json\/wp\/v2\/users\/1\/"}],"replies":[{"embeddable":true,"href":"https:\/\/rocafariners.com\/ca\/wp-json\/wp\/v2\/comments\/?post=1933"}],"version-history":[{"count":28,"href":"https:\/\/rocafariners.com\/ca\/wp-json\/wp\/v2\/pages\/1933\/revisions\/"}],"predecessor-version":[{"id":58369,"href":"https:\/\/rocafariners.com\/ca\/wp-json\/wp\/v2\/pages\/1933\/revisions\/58369\/"}],"wp:attachment":[{"href":"https:\/\/rocafariners.com\/ca\/wp-json\/wp\/v2\/media\/?parent=1933"}],"curies":[{"name":"wp","href":"https:\/\/api.w.org\/{rel}","templated":true}]}}